{"id":28932,"date":"2023-07-30T19:11:15","date_gmt":"2023-07-30T17:11:15","guid":{"rendered":"http:\/\/www.lachartreuse.org\/web\/?page_id=28932"},"modified":"2023-08-09T17:00:09","modified_gmt":"2023-08-09T15:00:09","slug":"accueil","status":"publish","type":"page","link":"http:\/\/www.lachartreuse.org\/web\/","title":{"rendered":"Accueil"},"content":{"rendered":"\n<h4 class=\"wp-block-heading has-text-align-center\" style=\"margin-top:var(--wp--preset--spacing--60);margin-right:var(--wp--preset--spacing--60);margin-bottom:var(--wp--preset--spacing--60);margin-left:var(--wp--preset--spacing--60)\">Abonnez-vous \u00e0 notre page Facebook<\/h4>\n\n\n\n<p class=\"has-text-align-center\">Vous pouvez y lire d&rsquo;autres infos plus r\u00e9centes<br><a class=\"\" href=\"https:\/\/46de1eb3-d9f7-43a2-9b7c-a5539042aafa.mlbtlr.com\/p2\/dhHvTxLuT9e2KkAss-JYJw\/D2Rc0xTYQc6US6Dgh2jU0w?contactid=ggH42IG0ag2JYskimTryyw\">https:\/\/www.facebook.com\/lachartreuse.org<\/a><\/p>\n\n\n<div class=\"root-eb-post-carousel-fhrwy1e wp-block-essential-blocks-post-carousel\">\n    <div class=\"eb-parent-wrapper eb-parent-eb-post-carousel-fhrwy1e \">\n        <div class=\"eb-post-carousel-fhrwy1e style-4 arrow-none equal-height dot-style-3 eb-post-carousel-wrapper\"\n            data-id=\"eb-post-carousel-fhrwy1e\"\n            data-querydata=\"a:13:{s:6:&quot;source&quot;;s:4:&quot;post&quot;;s:11:&quot;sourceIndex&quot;;i:0;s:9:&quot;rest_base&quot;;s:5:&quot;posts&quot;;s:14:&quot;rest_namespace&quot;;s:5:&quot;wp\/v2&quot;;s:6:&quot;author&quot;;s:0:&quot;&quot;;s:10:&quot;taxonomies&quot;;a:1:{s:8:&quot;category&quot;;a:5:{s:4:&quot;name&quot;;s:11:&quot;Cat\u00e9gories&quot;;s:9:&quot;rest_base&quot;;s:10:&quot;categories&quot;;s:14:&quot;rest_namespace&quot;;s:5:&quot;wp\/v2&quot;;s:4:&quot;slug&quot;;s:8:&quot;category&quot;;s:5:&quot;value&quot;;s:32:&quot;[{&quot;value&quot;:6,&quot;label&quot;:&quot;A la Une&quot;}]&quot;;}}s:8:&quot;per_page&quot;;s:2:&quot;10&quot;;s:6:&quot;offset&quot;;s:1:&quot;0&quot;;s:7:&quot;orderby&quot;;s:4:&quot;date&quot;;s:5:&quot;order&quot;;s:4:&quot;desc&quot;;s:7:&quot;include&quot;;s:0:&quot;&quot;;s:7:&quot;exclude&quot;;s:0:&quot;&quot;;s:15:&quot;exclude_current&quot;;b:1;}\"\n            data-slidersettings=\"{&quot;arrows&quot;:false,&quot;dots&quot;:true,&quot;autoplaySpeed&quot;:3000,&quot;speed&quot;:500,&quot;adaptiveHeight&quot;:true,&quot;autoplay&quot;:true,&quot;infinite&quot;:true,&quot;pauseOnHover&quot;:true,&quot;slideToShowRange&quot;:3,&quot;leftArrowIcon&quot;:&quot;fas fa-caret-left&quot;,&quot;rightArrowIcon&quot;:&quot;fas fa-caret-right&quot;,&quot;addIcon&quot;:false,&quot;showFallbackImg&quot;:false,&quot;fallbackImgUrl&quot;:&quot;&quot;,&quot;isRTLEnable&quot;:false,&quot;TABslideToShowRange&quot;:2,&quot;MOBslideToShowRange&quot;:1}\"\n            data-attributes=\"{&quot;preset&quot;:&quot;style-4&quot;,&quot;showThumbnail&quot;:true,&quot;showTitle&quot;:true,&quot;titleLength&quot;:&quot;10&quot;,&quot;titleTag&quot;:&quot;h2&quot;,&quot;showContent&quot;:true,&quot;contentLength&quot;:25,&quot;expansionIndicator&quot;:&quot;...&quot;,&quot;showReadMore&quot;:true,&quot;readmoreText&quot;:&quot;Lire la suite&quot;,&quot;showMeta&quot;:false,&quot;headerMeta&quot;:&quot;[{\\&quot;value\\&quot;:\\&quot;avatar\\&quot;,\\&quot;label\\&quot;:\\&quot;Author Avatar\\&quot;}]&quot;,&quot;footerMeta&quot;:&quot;[{\\&quot;value\\&quot;:\\&quot;date\\&quot;,\\&quot;label\\&quot;:\\&quot;Published Date\\&quot;}]&quot;,&quot;authorPrefix&quot;:&quot;by&quot;,&quot;datePrefix&quot;:&quot;Publi\\u00e9 le&quot;,&quot;showBlockContent&quot;:true,&quot;showFeaturedPost&quot;:false,&quot;featuredPostId&quot;:&quot;&quot;,&quot;showFeaturedPostTitle&quot;:true,&quot;showFeaturedPostContent&quot;:false,&quot;showFeaturedPostMeta&quot;:true,&quot;showFeaturedHeaderMeta&quot;:true,&quot;showFeaturedFooterMeta&quot;:true,&quot;featuredMetaItems&quot;:&quot;{}&quot;,&quot;featuredExcerptLength&quot;:10,&quot;leftArrowIcon&quot;:&quot;fas fa-caret-left&quot;,&quot;rightArrowIcon&quot;:&quot;fas fa-caret-right&quot;,&quot;showFallbackImg&quot;:false,&quot;isRTLEnable&quot;:false}\">\n\n            <div class=\"eb-post-carousel init-eb-post-carousel-fhrwy1e\"\n                data-id=\"eb-post-carousel-fhrwy1e\">\n                <article class=\"ebpg-carousel-post ebpg-post-carousel-column\" data-id=\"1986\"><div class=\"ebpg-carousel-post-holder\"><a class=\"ebpg-post-link-wrapper eb-sr-only\" href=\"http:\/\/www.lachartreuse.org\/web\/1690-1817-hameau-de-peville-histoire-de-la-chartreuse\/\">1690-1817 \u2013 Hameau de P\u00e9ville: Histoire de la Chartreuse<\/a><div class=\"ebpg-entry-media\">\n                <div class=\"ebpg-entry-thumbnail\">\n                    \n                    <img loading=\"lazy\" decoding=\"async\" width=\"400\" height=\"599\" src=\"http:\/\/www.lachartreuse.org\/web\/wp-content\/uploads\/2017\/10\/biblio-1690-1817-peville-lienard-full.jpg\" class=\"attachment-full size-full\" alt=\"\" \/>\n                <\/div>\n            <\/div><div class=\"ebpg-entry-wrapper\"><header class=\"ebpg-entry-header\">\n            <h2 class=\"ebpg-entry-title\">\n                <a class=\"ebpg-carousel-post-link\" href=\"http:\/\/www.lachartreuse.org\/web\/1690-1817-hameau-de-peville-histoire-de-la-chartreuse\/\" title=\"1690-1817hameaudepville:histoiredelachartreuse\">1690-1817 \u2013 Hameau de P\u00e9ville: Histoire de la Chartreuse<\/a>\n            <\/h2>\n        <\/header><div class=\"ebpg-entry-content\"><div class=\"ebpg-carousel-post-excerpt\">\n            <p>L&rsquo;ASBL La Chartreuse a publi\u00e9 en 1991 ce fort int\u00e9ressant ouvrage de Jacques Li\u00e9nard. Comme le titre le pr\u00e9cise bien, il place ses lunettes d&rsquo;historien&#8230;<\/p>\n        <\/div><div class=\"ebpg-readmore-btn\">\n            <a href=\"http:\/\/www.lachartreuse.org\/web\/1690-1817-hameau-de-peville-histoire-de-la-chartreuse\/\"> Lire la suite <\/a>\n        <\/div><\/div><\/div><\/div><\/article><article class=\"ebpg-carousel-post ebpg-post-carousel-column\" data-id=\"5092\"><div class=\"ebpg-carousel-post-holder\"><a class=\"ebpg-post-link-wrapper eb-sr-only\" href=\"http:\/\/www.lachartreuse.org\/web\/protection-du-site-de-la-chartreuse-2e-partie\/\">Protection du site de la Chartreuse: 2\u00e8me partie (apr\u00e8s 2003)<\/a><div class=\"ebpg-entry-media\">\n                <div class=\"ebpg-entry-thumbnail\">\n                    \n                    <img loading=\"lazy\" decoding=\"async\" width=\"1140\" height=\"760\" src=\"http:\/\/www.lachartreuse.org\/web\/wp-content\/uploads\/2019\/04\/projet-fort-1140x760-2-1.jpg\" class=\"attachment-full size-full\" alt=\"\" \/>\n                <\/div>\n            <\/div><div class=\"ebpg-entry-wrapper\"><header class=\"ebpg-entry-header\">\n            <h2 class=\"ebpg-entry-title\">\n                <a class=\"ebpg-carousel-post-link\" href=\"http:\/\/www.lachartreuse.org\/web\/protection-du-site-de-la-chartreuse-2e-partie\/\" title=\"protectiondusitedelachartreuse:2mepartieaprs2003\">Protection du site de la Chartreuse: 2\u00e8me partie (apr\u00e8s 2003)<\/a>\n            <\/h2>\n        <\/header><div class=\"ebpg-entry-content\"><div class=\"ebpg-carousel-post-excerpt\">\n            <p>&nbsp;Lire l&rsquo;article en PDF\n\n\n\nApr\u00e8s 2003, l\u2019ancien domaine militaire fut divis\u00e9 en plusieurs zones appartenant \u00e0 trois propri\u00e9taires: la Ville de Li\u00e8ge et deux soci\u00e9t\u00e9s immobili\u00e8res&#8230;<\/p>\n        <\/div><div class=\"ebpg-readmore-btn\">\n            <a href=\"http:\/\/www.lachartreuse.org\/web\/protection-du-site-de-la-chartreuse-2e-partie\/\"> Lire la suite <\/a>\n        <\/div><\/div><\/div><\/div><\/article><article class=\"ebpg-carousel-post ebpg-post-carousel-column\" data-id=\"3580\"><div class=\"ebpg-carousel-post-holder\"><a class=\"ebpg-post-link-wrapper eb-sr-only\" href=\"http:\/\/www.lachartreuse.org\/web\/le-fort-du-declassement-a-labandon-3\/\">Le fort, du d\u00e9classement \u00e0 l\u2019abandon (3)<\/a><div class=\"ebpg-entry-media\">\n                <div class=\"ebpg-entry-thumbnail\">\n                    \n                    <img loading=\"lazy\" decoding=\"async\" width=\"1730\" height=\"1260\" src=\"http:\/\/www.lachartreuse.org\/web\/wp-content\/uploads\/2018\/06\/plan-exterieur-1.jpg\" class=\"attachment-full size-full\" alt=\"\" \/>\n                <\/div>\n            <\/div><div class=\"ebpg-entry-wrapper\"><header class=\"ebpg-entry-header\">\n            <h2 class=\"ebpg-entry-title\">\n                <a class=\"ebpg-carousel-post-link\" href=\"http:\/\/www.lachartreuse.org\/web\/le-fort-du-declassement-a-labandon-3\/\" title=\"lefortdudclassementlabandon3\">Le fort, du d\u00e9classement \u00e0 l\u2019abandon (3)<\/a>\n            <\/h2>\n        <\/header><div class=\"ebpg-entry-content\"><div class=\"ebpg-carousel-post-excerpt\">\n            <p>T\u00e9l\u00e9chargez la version PDF de cet article.\n\n\n\nVoir \u00e9galement:Le fort, du d\u00e9classement \u00e0 l\u2019abandon (1)Le fort, du d\u00e9classement \u00e0 l\u2019abandon (2)\n\n\n\n\n\n\n\n\n\n\n\nBM42 \u2013 Habitation du concierge\n\n\n\nCe b\u00e2timent,&#8230;<\/p>\n        <\/div><div class=\"ebpg-readmore-btn\">\n            <a href=\"http:\/\/www.lachartreuse.org\/web\/le-fort-du-declassement-a-labandon-3\/\"> Lire la suite <\/a>\n        <\/div><\/div><\/div><\/div><\/article><article class=\"ebpg-carousel-post ebpg-post-carousel-column\" data-id=\"3496\"><div class=\"ebpg-carousel-post-holder\"><a class=\"ebpg-post-link-wrapper eb-sr-only\" href=\"http:\/\/www.lachartreuse.org\/web\/le-fort-du-declassement-a-labandon-2\/\">Le fort, du d\u00e9classement \u00e0 l&rsquo;abandon (2)<\/a><div class=\"ebpg-entry-media\">\n                <div class=\"ebpg-entry-thumbnail\">\n                    \n                    <img loading=\"lazy\" decoding=\"async\" width=\"1530\" height=\"1080\" src=\"http:\/\/www.lachartreuse.org\/web\/wp-content\/uploads\/2018\/06\/plan-corps-1.jpg\" class=\"attachment-full size-full\" alt=\"\" \/>\n                <\/div>\n            <\/div><div class=\"ebpg-entry-wrapper\"><header class=\"ebpg-entry-header\">\n            <h2 class=\"ebpg-entry-title\">\n                <a class=\"ebpg-carousel-post-link\" href=\"http:\/\/www.lachartreuse.org\/web\/le-fort-du-declassement-a-labandon-2\/\" title=\"lefortdudclassementlabandon2\">Le fort, du d\u00e9classement \u00e0 l&rsquo;abandon (2)<\/a>\n            <\/h2>\n        <\/header><div class=\"ebpg-entry-content\"><div class=\"ebpg-carousel-post-excerpt\">\n            <p>T\u00e9l\u00e9chargez la version PDF de cet article.\n\n\n\nVoir \u00e9galement:\nLe fort, du d\u00e9classement \u00e0 l\u2019abandon (1)\nLe fort, du d\u00e9classement \u00e0 l\u2019abandon (3)\n\n\n\n\n\n\n\n\n\n\n\nBM16 \u2013 Hangar m\u00e9tallique\n\n\n\nLorsque le fort&#8230;<\/p>\n        <\/div><div class=\"ebpg-readmore-btn\">\n            <a href=\"http:\/\/www.lachartreuse.org\/web\/le-fort-du-declassement-a-labandon-2\/\"> Lire la suite <\/a>\n        <\/div><\/div><\/div><\/div><\/article><article class=\"ebpg-carousel-post ebpg-post-carousel-column\" data-id=\"3464\"><div class=\"ebpg-carousel-post-holder\"><a class=\"ebpg-post-link-wrapper eb-sr-only\" href=\"http:\/\/www.lachartreuse.org\/web\/le-fort-du-declassement-a-labandon-1\/\">Le fort, du d\u00e9classement \u00e0 l&rsquo;abandon (1)<\/a><div class=\"ebpg-entry-media\">\n                <div class=\"ebpg-entry-thumbnail\">\n                    \n                    <img loading=\"lazy\" decoding=\"async\" width=\"990\" height=\"660\" src=\"http:\/\/www.lachartreuse.org\/web\/wp-content\/uploads\/2018\/06\/plan-reduit.jpg\" class=\"attachment-full size-full\" alt=\"\" \/>\n                <\/div>\n            <\/div><div class=\"ebpg-entry-wrapper\"><header class=\"ebpg-entry-header\">\n            <h2 class=\"ebpg-entry-title\">\n                <a class=\"ebpg-carousel-post-link\" href=\"http:\/\/www.lachartreuse.org\/web\/le-fort-du-declassement-a-labandon-1\/\" title=\"lefortdudclassementlabandon1\">Le fort, du d\u00e9classement \u00e0 l&rsquo;abandon (1)<\/a>\n            <\/h2>\n        <\/header><div class=\"ebpg-entry-content\"><div class=\"ebpg-carousel-post-excerpt\">\n            <p>&nbsp;\nT\u00e9l\u00e9chargez la version PDF de cet article.\n\n\n\nVoir \u00e9galement:\nLe fort, du d\u00e9classement \u00e0 l\u2019abandon (2)\nLe fort, du d\u00e9classement \u00e0 l\u2019abandon (3)\n\n\n\n\n\n\n\nC\u2019est en 1888 que la construction&#8230;<\/p>\n        <\/div><div class=\"ebpg-readmore-btn\">\n            <a href=\"http:\/\/www.lachartreuse.org\/web\/le-fort-du-declassement-a-labandon-1\/\"> Lire la suite <\/a>\n        <\/div><\/div><\/div><\/div><\/article><article class=\"ebpg-carousel-post ebpg-post-carousel-column\" data-id=\"3059\"><div class=\"ebpg-carousel-post-holder\"><a class=\"ebpg-post-link-wrapper eb-sr-only\" href=\"http:\/\/www.lachartreuse.org\/web\/protection-du-site-de-la-chartreuse-1ere-partie-1986-2003\/\">Protection du site de la Chartreuse: 1\u00e8re partie (1986-2003)<\/a><div class=\"ebpg-entry-media\">\n                <div class=\"ebpg-entry-thumbnail\">\n                    \n                    <img loading=\"lazy\" decoding=\"async\" width=\"2560\" height=\"2048\" src=\"http:\/\/www.lachartreuse.org\/web\/wp-content\/uploads\/2018\/04\/lm1993-sauver-le-domaine-de-la-chartreuse-1-scaled.jpg\" class=\"attachment-full size-full\" alt=\"\" \/>\n                <\/div>\n            <\/div><div class=\"ebpg-entry-wrapper\"><header class=\"ebpg-entry-header\">\n            <h2 class=\"ebpg-entry-title\">\n                <a class=\"ebpg-carousel-post-link\" href=\"http:\/\/www.lachartreuse.org\/web\/protection-du-site-de-la-chartreuse-1ere-partie-1986-2003\/\" title=\"protectiondusitedelachartreuse:1repartie1986-2003\">Protection du site de la Chartreuse: 1\u00e8re partie (1986-2003)<\/a>\n            <\/h2>\n        <\/header><div class=\"ebpg-entry-content\"><div class=\"ebpg-carousel-post-excerpt\">\n            <p>&nbsp;\nT\u00e9l\u00e9chargez la version PDF de cet article.\n\n\n\nLa D\u00e9fense Nationale a ferm\u00e9 la caserne de la Chartreuse en 1981. Le domaine militaire est devenu domaine priv\u00e9&#8230;<\/p>\n        <\/div><div class=\"ebpg-readmore-btn\">\n            <a href=\"http:\/\/www.lachartreuse.org\/web\/protection-du-site-de-la-chartreuse-1ere-partie-1986-2003\/\"> Lire la suite <\/a>\n        <\/div><\/div><\/div><\/div><\/article>            <\/div>\n        <\/div>\n    <\/div>\n<\/div>\n\n\n<p>&nbsp;<\/p>\n\n\n\n<h4 class=\"wp-block-heading has-text-align-center\" style=\"margin-top:var(--wp--preset--spacing--60);margin-right:var(--wp--preset--spacing--60);margin-bottom:var(--wp--preset--spacing--60);margin-left:var(--wp--preset--spacing--60)\">Les derniers articles publi\u00e9s<\/h4>\n\n\n<ul class=\"wp-block-latest-posts__list is-grid columns-2 has-dates wp-block-latest-posts has-small-font-size\"><li><div class=\"wp-block-latest-posts__featured-image alignleft\"><a href=\"http:\/\/www.lachartreuse.org\/web\/a-propos-de-la-zad-de-la-chartreuse\/\" aria-label=\"\u00c0 propos de la ZAD de la Chartreuse\"><img loading=\"lazy\" decoding=\"async\" width=\"150\" height=\"150\" src=\"http:\/\/www.lachartreuse.org\/web\/wp-content\/uploads\/2022\/07\/article-zad-0722-1140x760-1-1-150x150.jpg\" class=\"attachment-thumbnail size-thumbnail wp-post-image\" alt=\"\" style=\"max-width:200px;max-height:200px;\" \/><\/a><\/div><a class=\"wp-block-latest-posts__post-title\" href=\"http:\/\/www.lachartreuse.org\/web\/a-propos-de-la-zad-de-la-chartreuse\/\">\u00c0 propos de la ZAD de la Chartreuse<\/a><time datetime=\"2022-07-08T08:14:34+02:00\" class=\"wp-block-latest-posts__post-date\">8 juillet 2022<\/time><div class=\"wp-block-latest-posts__post-excerpt\">Copie du courrier (et ses annexes) adress\u00e9 par l\u2019ASBL La Chartreuse \u00e0 M. le Bourgmestre Willy Demeyer le 2 juin 2022. T\u00e9l\u00e9charger le document 2.\u2026 <a class=\"wp-block-latest-posts__read-more\" href=\"http:\/\/www.lachartreuse.org\/web\/a-propos-de-la-zad-de-la-chartreuse\/\" rel=\"noopener noreferrer\">Lire la suite<span class=\"screen-reader-text\">\u00a0: \u00c0 propos de la ZAD de la Chartreuse<\/span><\/a><\/div><\/li>\n<li><div class=\"wp-block-latest-posts__featured-image alignleft\"><a href=\"http:\/\/www.lachartreuse.org\/web\/les-puits-de-la-chartreuse\/\" aria-label=\"Les puits de la Chartreuse\"><img loading=\"lazy\" decoding=\"async\" width=\"150\" height=\"150\" src=\"http:\/\/www.lachartreuse.org\/web\/wp-content\/uploads\/2022\/03\/haut-du-puits-1-150x150.jpg\" class=\"attachment-thumbnail size-thumbnail wp-post-image\" alt=\"\" style=\"max-width:200px;max-height:200px;\" \/><\/a><\/div><a class=\"wp-block-latest-posts__post-title\" href=\"http:\/\/www.lachartreuse.org\/web\/les-puits-de-la-chartreuse\/\">Les puits de la Chartreuse<\/a><time datetime=\"2022-03-16T07:52:58+01:00\" class=\"wp-block-latest-posts__post-date\">16 mars 2022<\/time><div class=\"wp-block-latest-posts__post-excerpt\">Si beaucoup de monde connait le puits de la cour du r\u00e9duit, peu de monde connait son origine ainsi que l\u2019emplacement des autres puits dans\u2026 <a class=\"wp-block-latest-posts__read-more\" href=\"http:\/\/www.lachartreuse.org\/web\/les-puits-de-la-chartreuse\/\" rel=\"noopener noreferrer\">Lire la suite<span class=\"screen-reader-text\">\u00a0: Les puits de la Chartreuse<\/span><\/a><\/div><\/li>\n<li><div class=\"wp-block-latest-posts__featured-image alignleft\"><a href=\"http:\/\/www.lachartreuse.org\/web\/1690-1817-hameau-de-peville-histoire-de-la-chartreuse\/\" aria-label=\"1690-1817 \u2013 Hameau de P\u00e9ville: Histoire de la Chartreuse\"><img loading=\"lazy\" decoding=\"async\" width=\"150\" height=\"150\" src=\"http:\/\/www.lachartreuse.org\/web\/wp-content\/uploads\/2017\/10\/biblio-1690-1817-peville-lienard-full-150x150.jpg\" class=\"attachment-thumbnail size-thumbnail wp-post-image\" alt=\"\" style=\"max-width:200px;max-height:200px;\" \/><\/a><\/div><a class=\"wp-block-latest-posts__post-title\" href=\"http:\/\/www.lachartreuse.org\/web\/1690-1817-hameau-de-peville-histoire-de-la-chartreuse\/\">1690-1817 \u2013 Hameau de P\u00e9ville: Histoire de la Chartreuse<\/a><time datetime=\"2021-10-24T12:02:00+02:00\" class=\"wp-block-latest-posts__post-date\">24 octobre 2021<\/time><div class=\"wp-block-latest-posts__post-excerpt\">L&rsquo;ASBL La Chartreuse a publi\u00e9 en 1991 ce fort int\u00e9ressant ouvrage de Jacques Li\u00e9nard. Comme le titre le pr\u00e9cise bien, il place ses lunettes d&rsquo;historien\u2026 <a class=\"wp-block-latest-posts__read-more\" href=\"http:\/\/www.lachartreuse.org\/web\/1690-1817-hameau-de-peville-histoire-de-la-chartreuse\/\" rel=\"noopener noreferrer\">Lire la suite<span class=\"screen-reader-text\">\u00a0: 1690-1817 \u2013 Hameau de P\u00e9ville: Histoire de la Chartreuse<\/span><\/a><\/div><\/li>\n<li><div class=\"wp-block-latest-posts__featured-image alignleft\"><a href=\"http:\/\/www.lachartreuse.org\/web\/le-classement-de-lareine-de-la-chartreuse\/\" aria-label=\"Le classement de l&rsquo;areine de la Chartreuse\"><img loading=\"lazy\" decoding=\"async\" width=\"150\" height=\"150\" src=\"http:\/\/www.lachartreuse.org\/web\/wp-content\/uploads\/2021\/06\/classement-areine-pdf-1-150x150.jpg\" class=\"attachment-thumbnail size-thumbnail wp-post-image\" alt=\"\" style=\"max-width:200px;max-height:200px;\" \/><\/a><\/div><a class=\"wp-block-latest-posts__post-title\" href=\"http:\/\/www.lachartreuse.org\/web\/le-classement-de-lareine-de-la-chartreuse\/\">Le classement de l&rsquo;areine de la Chartreuse<\/a><time datetime=\"2021-06-01T19:41:54+02:00\" class=\"wp-block-latest-posts__post-date\">1 juin 2021<\/time><div class=\"wp-block-latest-posts__post-excerpt\">C\u2019est en juillet 2020 que la proc\u00e9dure de classement a \u00e9t\u00e9 lanc\u00e9e. Le classement de l\u2019areine de la Chartreuse comme monument comprend la galerie principale\u2026 <a class=\"wp-block-latest-posts__read-more\" href=\"http:\/\/www.lachartreuse.org\/web\/le-classement-de-lareine-de-la-chartreuse\/\" rel=\"noopener noreferrer\">Lire la suite<span class=\"screen-reader-text\">\u00a0: Le classement de l&rsquo;areine de la Chartreuse<\/span><\/a><\/div><\/li>\n<li><div class=\"wp-block-latest-posts__featured-image alignleft\"><a href=\"http:\/\/www.lachartreuse.org\/web\/ouverture-de-larvo-saison-2021\/\" aria-label=\"Ouverture de l&rsquo;arv\u00f4 &#8211; Saison 2021\"><img loading=\"lazy\" decoding=\"async\" width=\"150\" height=\"150\" src=\"http:\/\/www.lachartreuse.org\/web\/wp-content\/uploads\/2019\/03\/arvo-2019-1140x760-1-150x150.jpg\" class=\"attachment-thumbnail size-thumbnail wp-post-image\" alt=\"\" style=\"max-width:200px;max-height:200px;\" \/><\/a><\/div><a class=\"wp-block-latest-posts__post-title\" href=\"http:\/\/www.lachartreuse.org\/web\/ouverture-de-larvo-saison-2021\/\">Ouverture de l&rsquo;arv\u00f4 &#8211; Saison 2021<\/a><time datetime=\"2021-04-30T14:20:46+02:00\" class=\"wp-block-latest-posts__post-date\">30 avril 2021<\/time><div class=\"wp-block-latest-posts__post-excerpt\">Chers amis, Dans le cadre du d\u00e9but de retour \u00e0 la vie de notre pays, le Comit\u00e9 de&nbsp; Concertation permet maintenant de rouvrir certains lieux\u2026 <a class=\"wp-block-latest-posts__read-more\" href=\"http:\/\/www.lachartreuse.org\/web\/ouverture-de-larvo-saison-2021\/\" rel=\"noopener noreferrer\">Lire la suite<span class=\"screen-reader-text\">\u00a0: Ouverture de l&rsquo;arv\u00f4 &#8211; Saison 2021<\/span><\/a><\/div><\/li>\n<li><div class=\"wp-block-latest-posts__featured-image alignleft\"><a href=\"http:\/\/www.lachartreuse.org\/web\/larvo-au-temps-de-la-covid-19\/\" aria-label=\"L&rsquo;arv\u00f4 au temps de la Covid-19\"><img loading=\"lazy\" decoding=\"async\" width=\"150\" height=\"150\" src=\"http:\/\/www.lachartreuse.org\/web\/wp-content\/uploads\/2019\/03\/arvo-2019-1140x760-1-150x150.jpg\" class=\"attachment-thumbnail size-thumbnail wp-post-image\" alt=\"\" style=\"max-width:200px;max-height:200px;\" \/><\/a><\/div><a class=\"wp-block-latest-posts__post-title\" href=\"http:\/\/www.lachartreuse.org\/web\/larvo-au-temps-de-la-covid-19\/\">L&rsquo;arv\u00f4 au temps de la Covid-19<\/a><time datetime=\"2021-03-28T15:01:44+02:00\" class=\"wp-block-latest-posts__post-date\">28 mars 2021<\/time><div class=\"wp-block-latest-posts__post-excerpt\">Suite au comit\u00e9 de concertation qui a eu lieu ce 24 mars matin, nous savons maintenant que nous ne pourrons pas ouvrir l\u2019arv\u00f4 et accueillir\u2026 <a class=\"wp-block-latest-posts__read-more\" href=\"http:\/\/www.lachartreuse.org\/web\/larvo-au-temps-de-la-covid-19\/\" rel=\"noopener noreferrer\">Lire la suite<span class=\"screen-reader-text\">\u00a0: L&rsquo;arv\u00f4 au temps de la Covid-19<\/span><\/a><\/div><\/li>\n<\/ul>\n\n\n<p class=\"has-text-align-center\" style=\"margin-top:var(--wp--preset--spacing--50);margin-right:var(--wp--preset--spacing--50);margin-bottom:var(--wp--preset--spacing--50);margin-left:var(--wp--preset--spacing--50)\"><br><strong>Les articles plus anciens sont disponibles dans la rubrique <a rel=\"noreferrer noopener\" href=\"http:\/\/www.lachartreuse.org\/web\/archives\/\" target=\"_blank\">Archives<\/a><\/strong><\/p>\n<div class=\"pdfprnt-buttons pdfprnt-buttons-page pdfprnt-bottom-right\"><a href=\"http:\/\/www.lachartreuse.org\/web\/wp-json\/wp\/v2\/pages\/28932?print=pdf\" class=\"pdfprnt-button pdfprnt-button-pdf\" target=\"_blank\" ><img decoding=\"async\" src=\"http:\/\/www.lachartreuse.org\/web\/wp-content\/plugins\/pdf-print\/images\/pdf.png\" alt=\"image_pdf\" title=\"T\u00e9l\u00e9charger le PDF\" \/><\/a><a href=\"http:\/\/www.lachartreuse.org\/web\/wp-json\/wp\/v2\/pages\/28932?print=print\" class=\"pdfprnt-button pdfprnt-button-print\" target=\"_blank\" ><img decoding=\"async\" src=\"http:\/\/www.lachartreuse.org\/web\/wp-content\/plugins\/pdf-print\/images\/print.png\" alt=\"image_print\" title=\"Contenu imprim\u00e9\" \/><\/a><\/div>","protected":false},"excerpt":{"rendered":"<p>Abonnez-vous \u00e0 notre page Facebook Vous pouvez y lire d&rsquo;autres infos plus r\u00e9centeshttps:\/\/www.facebook.com\/lachartreuse.org &nbsp; Les derniers articles publi\u00e9s Les articles plus anciens sont disponibles dans la rubrique Archives<\/p>\n","protected":false},"author":6,"featured_media":0,"parent":0,"menu_order":99,"comment_status":"closed","ping_status":"closed","template":"","meta":{"_eb_attr":"","_uag_custom_page_level_css":"","site-sidebar-layout":"default","site-content-layout":"","ast-site-content-layout":"default","site-content-style":"default","site-sidebar-style":"default","ast-global-header-display":"","ast-banner-title-visibility":"","ast-main-header-display":"","ast-hfb-above-header-display":"","ast-hfb-below-header-display":"","ast-hfb-mobile-header-display":"","site-post-title":"disabled","ast-breadcrumbs-content":"","ast-featured-img":"","footer-sml-layout":"","ast-disable-related-posts":"","theme-transparent-header-meta":"","adv-header-id-meta":"","stick-header-meta":"","header-above-stick-meta":"","header-main-stick-meta":"","header-below-stick-meta":"","astra-migrate-meta-layouts":"default","ast-page-background-enabled":"default","ast-page-background-meta":{"desktop":{"background-color":"var(--ast-global-color-4)","background-image":"","background-repeat":"repeat","background-position":"center center","background-size":"auto","background-attachment":"scroll","background-type":"","background-media":"","overlay-type":"","overlay-color":"","overlay-opacity":"","overlay-gradient":""},"tablet":{"background-color":"","background-image":"","background-repeat":"repeat","background-position":"center center","background-size":"auto","background-attachment":"scroll","background-type":"","background-media":"","overlay-type":"","overlay-color":"","overlay-opacity":"","overlay-gradient":""},"mobile":{"background-color":"","background-image":"","background-repeat":"repeat","background-position":"center center","background-size":"auto","background-attachment":"scroll","background-type":"","background-media":"","overlay-type":"","overlay-color":"","overlay-opacity":"","overlay-gradient":""}},"ast-content-background-meta":{"desktop":{"background-color":"var(--ast-global-color-5)","background-image":"","background-repeat":"repeat","background-position":"center center","background-size":"auto","background-attachment":"scroll","background-type":"","background-media":"","overlay-type":"","overlay-color":"","overlay-opacity":"","overlay-gradient":""},"tablet":{"background-color":"var(--ast-global-color-5)","background-image":"","background-repeat":"repeat","background-position":"center center","background-size":"auto","background-attachment":"scroll","background-type":"","background-media":"","overlay-type":"","overlay-color":"","overlay-opacity":"","overlay-gradient":""},"mobile":{"background-color":"var(--ast-global-color-5)","background-image":"","background-repeat":"repeat","background-position":"center center","background-size":"auto","background-attachment":"scroll","background-type":"","background-media":"","overlay-type":"","overlay-color":"","overlay-opacity":"","overlay-gradient":""}},"footnotes":""},"class_list":["post-28932","page","type-page","status-publish","hentry"],"featured_image_src":null,"uagb_featured_image_src":{"full":false,"thumbnail":false,"medium":false,"medium_large":false,"large":false,"1536x1536":false,"2048x2048":false},"uagb_author_info":{"display_name":"Pierre Michaux","author_link":"http:\/\/www.lachartreuse.org\/web\/author\/pmichaux\/"},"uagb_comment_info":0,"uagb_excerpt":"Abonnez-vous \u00e0 notre page Facebook Vous pouvez y lire d&rsquo;autres infos plus r\u00e9centeshttps:\/\/www.facebook.com\/lachartreuse.org &nbsp; Les derniers articles publi\u00e9s Les articles plus anciens sont disponibles dans la rubrique Archives","_links":{"self":[{"href":"http:\/\/www.lachartreuse.org\/web\/wp-json\/wp\/v2\/pages\/28932","targetHints":{"allow":["GET"]}}],"collection":[{"href":"http:\/\/www.lachartreuse.org\/web\/wp-json\/wp\/v2\/pages"}],"about":[{"href":"http:\/\/www.lachartreuse.org\/web\/wp-json\/wp\/v2\/types\/page"}],"author":[{"embeddable":true,"href":"http:\/\/www.lachartreuse.org\/web\/wp-json\/wp\/v2\/users\/6"}],"replies":[{"embeddable":true,"href":"http:\/\/www.lachartreuse.org\/web\/wp-json\/wp\/v2\/comments?post=28932"}],"version-history":[{"count":2,"href":"http:\/\/www.lachartreuse.org\/web\/wp-json\/wp\/v2\/pages\/28932\/revisions"}],"predecessor-version":[{"id":29354,"href":"http:\/\/www.lachartreuse.org\/web\/wp-json\/wp\/v2\/pages\/28932\/revisions\/29354"}],"wp:attachment":[{"href":"http:\/\/www.lachartreuse.org\/web\/wp-json\/wp\/v2\/media?parent=28932"}],"curies":[{"name":"wp","href":"https:\/\/api.w.org\/{rel}","templated":true}]}}